{"id":18,"date":"2019-07-05T16:16:09","date_gmt":"2019-07-05T13:16:09","guid":{"rendered":"http:\/\/sackaynakmerkezi.net\/?page_id=18"},"modified":"2019-07-05T16:16:09","modified_gmt":"2019-07-05T13:16:09","slug":"hakkimizda","status":"publish","type":"page","link":"http:\/\/sackaynakmerkezi.net\/index.php\/hakkimizda\/","title":{"rendered":"Hakk\u0131m\u0131zda"},"content":{"rendered":"\n<div class=\"wp-block-image\"><figure class=\"aligncenter\"><img loading=\"lazy\" decoding=\"async\" width=\"1024\" height=\"710\" src=\"http:\/\/sackaynakmerkezi.net\/wp-content\/uploads\/2019\/07\/SAC\u0327-kaynak-Merkezi-1024x710.jpg\" alt=\"sa\u00e7-kaynak-merkezi\" class=\"wp-image-19\" srcset=\"http:\/\/sackaynakmerkezi.net\/wp-content\/uploads\/2019\/07\/SAC\u0327-kaynak-Merkezi-1024x710.jpg 1024w, http:\/\/sackaynakmerkezi.net\/wp-content\/uploads\/2019\/07\/SAC\u0327-kaynak-Merkezi-300x208.jpg 300w, http:\/\/sackaynakmerkezi.net\/wp-content\/uploads\/2019\/07\/SAC\u0327-kaynak-Merkezi-768x532.jpg 768w, http:\/\/sackaynakmerkezi.net\/wp-content\/uploads\/2019\/07\/SAC\u0327-kaynak-Merkezi.jpg 1313w\" sizes=\"auto, (max-width: 1024px) 100vw, 1024px\" \/><figcaption>sa\u00e7-kaynak-merkezi<\/figcaption><\/figure><\/div>\n\n\n\n<p>SACH \u00ae Sa\u00e7 Kaynak Merkezi Hakk\u0131nda<\/p>\n\n\n\n<p>Sa\u00e7 Kaynak Sekt\u00f6r\u00fcndeki 1990 y\u0131l\u0131ndan beri edindi\u011fi tecr\u00fcbe ve geni\u015f \nbilgi ile m\u00fc\u015fterilerine e\u015fsiz Sa\u00e7 Kayna\u011f\u0131 deneyimleri ya\u015fatmaktad\u0131r. Sa\u00e7\n Kaynak sekt\u00f6r\u00fcndeki lider pozisyonunu hakl\u0131 olarak elinde \nbulundurmaktad\u0131r. T\u00fcrkiye\u2019ye Sa\u00e7 Kaynak teknolojilerini ilk getiren ve \nuygulayan bir firma olan SACH \u00ae T\u00fcrkiye\u2019deki ilk resmi Marka ve Patent \nEnstit\u00fcs\u00fc taraf\u0131nda tescil edilen ilk ve tek markad\u0131r.<\/p>\n\n\n\n<p>SACH \u00ae Sa\u00e7 Kaynak Merkezi Bak\u0131rk\u00f6y\u2019de il kuruldu\u011fu g\u00fcnden g\u00fcn\u00fcm\u00fcze \nkadar her y\u0131l modan\u0131n kalbi Fransa, tasar\u0131m cenneti \u0130talya, Teknoloji \nana vatan\u0131 Amerika gibi \u00fclkelere her y\u0131l iki kez d\u00fczenlemi\u015f oldu\u011fu \nyenilik avlar\u0131nda daha iyiyi nas\u0131l yapar\u0131m d\u00fc\u015f\u00fcncesi ile zirveyi hep \nzorlamaktad\u0131r.<\/p>\n\n\n\n<p>Sach \u00ae Sa\u00e7 Kaynak Merkezimizde yap\u0131lacak Sa\u00e7 Kaynak uygulamalar \ngarantimiz alt\u0131ndad\u0131r. Sa\u00e7 kaynaklar\u0131n\u0131 yapt\u0131rd\u0131ktan sonra sa\u00e7\u0131n\u0131z\u0131n \nperiyodik kontrolleri \u00fccretsiz bir \u015fekilde yap\u0131lmaktad\u0131r. Sa\u00e7 \nkayna\u011f\u0131n\u0131z\u0131 yapt\u0131ktan sonra sizi sa\u00e7 kayna\u011f\u0131n\u0131zla ba\u015f ba\u015fa b\u0131rakm\u0131yoruz.\n Sa\u00e7 kayna\u011f\u0131 uygulamas\u0131n\u0131 kulland\u0131\u011f\u0131n\u0131z s\u00fcrece sa\u00e7\u0131n\u0131z\u0131n takibini \nyapmaktay\u0131z.<\/p>\n\n\n\n<p>Gerek anlamda ciddi bir sa\u00e7 kaynak merkezi ar\u0131yorsan\u0131z bizim \u00f6nerimiz\n sekt\u00f6rdeki en iyi sa\u00e7 kaynak merkezi SACH \u00ae Hair Extensions. Sizde sa\u00e7 \nkayna\u011f\u0131nda ola\u011fan\u00fcst\u00fc bir deneyim ya\u015famak istiyorsan\u0131z resmi web \nsiteleri www.sach.com.tr yi ziyaret edin.<\/p>\n\n\n\n<p>Sa\u00e7 Kaynaklar\u0131n\u0131n uygulamas\u0131nda e\u015fsiz bir marka olan Sach \u00ae Sa\u00e7 \nKaynak Merkezi &amp; Kuaf\u00f6r hizmetleri b\u00fcnyesinde sadece 1. s\u0131n\u0131f y\u00fczde \ny\u00fcz do\u011fal ger\u00e7ek insan<\/p>\n\n\n\n<p>sa\u00e7\u0131ndan sa\u00e7 uzatma sistemleri ve sa\u00e7 kayna\u011f\u0131 uygulamalar\u0131 yap\u0131lmaktad\u0131r.<\/p>\n\n\n\n<p>Sa\u00e7 Kaynak uygulamalar\u0131n\u0131 \u00e7ok k\u0131sa olan 2cm k\u0131sal\u0131ktaki sa\u00e7tan orta \nboy sa\u00e7a kadar her t\u00fcrl\u00fc sa\u00e7a kaliteli i\u015f\u00e7ilik ile Sa\u00e7 Kayna\u011f\u0131 \nuygulamas\u0131 yap\u0131lmaktad\u0131r.<\/p>\n\n\n\n<p>Sa\u00e7 kayna\u011f\u0131 uygulamalar\u0131 \u00e7ok k\u0131sa sa\u00e7larda ince telli sa\u00e7, kal\u0131n \ntelli sa\u00e7, d\u00fcz, dalgal\u0131 veya k\u0131v\u0131rc\u0131k sa\u00e7lara sa\u00e7 kaynaklar\u0131 \nuygulanmaktad\u0131r. Elbette sa\u00e7 yap\u0131s\u0131 ve cinsleri farkl\u0131 oldu\u011fu i\u00e7in \nhepsinde farkl\u0131 sa\u00e7 kayna\u011f\u0131 sitem ve teknikleri uygulanarak sa\u00e7 \nuzatmalar\u0131 yap\u0131lmaktad\u0131r.<\/p>\n\n\n\n<p>Sach \u00ae Sa\u00e7 Kaynak Merkezimizde yap\u0131lacak Sa\u00e7 Kaynak uygulamalar \ngarantimiz alt\u0131ndad\u0131r. Sa\u00e7 kaynaklar\u0131n\u0131 yapt\u0131rd\u0131ktan sonra sa\u00e7\u0131n\u0131z\u0131n \nperiyodik kontrolleri \u00fccretsiz bir \u015fekilde yap\u0131lmaktad\u0131r. Sa\u00e7 \nkayna\u011f\u0131n\u0131z\u0131 yapt\u0131ktan sonra sizi sa\u00e7 kayna\u011f\u0131n\u0131zla ba\u015f ba\u015fa b\u0131rakm\u0131yoruz.\n Sa\u00e7 kayna\u011f\u0131 uygulamas\u0131n\u0131 kulland\u0131\u011f\u0131n\u0131z s\u00fcrece sa\u00e7\u0131n\u0131z\u0131n takibini \nyapmaktay\u0131z.<\/p>\n","protected":false},"excerpt":{"rendered":"<p>SACH \u00ae Sa\u00e7 Kaynak Merkezi Hakk\u0131nda Sa\u00e7 Kaynak Sekt\u00f6r\u00fcndeki 1990 y\u0131l\u0131ndan beri edindi\u011fi tecr\u00fcbe ve geni\u015f bilgi ile m\u00fc\u015fterilerine e\u015fsiz Sa\u00e7 Kayna\u011f\u0131 deneyimleri ya\u015fatmaktad\u0131r. Sa\u00e7 Kaynak sekt\u00f6r\u00fcndeki lider pozisyonunu hakl\u0131 olarak elinde bulundurmaktad\u0131r. T\u00fcrkiye\u2019ye Sa\u00e7 Kaynak teknolojilerini ilk getiren ve uygulayan bir firma olan SACH \u00ae T\u00fcrkiye\u2019deki<\/p>\n","protected":false},"author":1,"featured_media":0,"parent":0,"menu_order":0,"comment_status":"closed","ping_status":"closed","template":"","meta":{"footnotes":""},"tags":[],"class_list":["post-18","page","type-page","status-publish","hentry"],"aioseo_notices":[],"_links":{"self":[{"href":"http:\/\/sackaynakmerkezi.net\/index.php\/wp-json\/wp\/v2\/pages\/18","targetHints":{"allow":["GET"]}}],"collection":[{"href":"http:\/\/sackaynakmerkezi.net\/index.php\/wp-json\/wp\/v2\/pages"}],"about":[{"href":"http:\/\/sackaynakmerkezi.net\/index.php\/wp-json\/wp\/v2\/types\/page"}],"author":[{"embeddable":true,"href":"http:\/\/sackaynakmerkezi.net\/index.php\/wp-json\/wp\/v2\/users\/1"}],"replies":[{"embeddable":true,"href":"http:\/\/sackaynakmerkezi.net\/index.php\/wp-json\/wp\/v2\/comments?post=18"}],"version-history":[{"count":1,"href":"http:\/\/sackaynakmerkezi.net\/index.php\/wp-json\/wp\/v2\/pages\/18\/revisions"}],"predecessor-version":[{"id":21,"href":"http:\/\/sackaynakmerkezi.net\/index.php\/wp-json\/wp\/v2\/pages\/18\/revisions\/21"}],"wp:attachment":[{"href":"http:\/\/sackaynakmerkezi.net\/index.php\/wp-json\/wp\/v2\/media?parent=18"}],"wp:term":[{"taxonomy":"post_tag","embeddable":true,"href":"http:\/\/sackaynakmerkezi.net\/index.php\/wp-json\/wp\/v2\/tags?post=18"}],"curies":[{"name":"wp","href":"https:\/\/api.w.org\/{rel}","templated":true}]}}